{"id":18,"date":"2021-11-29T19:42:50","date_gmt":"2021-11-29T19:42:50","guid":{"rendered":"https:\/\/fundaciontrafkin.org.ar\/?page_id=18"},"modified":"2022-01-12T19:42:01","modified_gmt":"2022-01-12T19:42:01","slug":"proyectos","status":"publish","type":"page","link":"https:\/\/fundaciontrafkin.org.ar\/index.php\/proyectos\/","title":{"rendered":"Proyectos"},"content":{"rendered":"\t\t<div data-elementor-type=\"wp-page\" data-elementor-id=\"18\" class=\"elementor elementor-18\">\n\t\t\t\t\t\t<section class=\"elementor-section elementor-top-section elementor-element elementor-element-a046061 elementor-section-boxed elementor-section-height-default elementor-section-height-default\" data-id=\"a046061\" data-element_type=\"section\" data-e-type=\"section\" data-settings=\"{&quot;background_background&quot;:&quot;slideshow&quot;,&quot;background_slideshow_gallery&quot;:[{&quot;id&quot;:225,&quot;url&quot;:&quot;https:\\\/\\\/fundaciontrafkin.org.ar\\\/wp-content\\\/uploads\\\/2022\\\/01\\\/pexels-max-andrey-1197095-1-scaled.webp&quot;}],&quot;background_slideshow_loop&quot;:&quot;yes&quot;,&quot;background_slideshow_slide_duration&quot;:5000,&quot;background_slideshow_slide_transition&quot;:&quot;fade&quot;,&quot;background_slideshow_transition_duration&quot;:500}\">\n\t\t\t\t\t\t<div class=\"elementor-container elementor-column-gap-default\">\n\t\t\t\t\t<div class=\"elementor-column elementor-col-100 elementor-top-column elementor-element elementor-element-d17c8a6\" data-id=\"d17c8a6\" data-element_type=\"column\" data-e-type=\"column\">\n\t\t\t<div class=\"elementor-widget-wrap elementor-element-populated\">\n\t\t\t\t\t\t<div class=\"elementor-element elementor-element-e0518b3 elementor-widget elementor-widget-heading\" data-id=\"e0518b3\" data-element_type=\"widget\" data-e-type=\"widget\" data-widget_type=\"heading.default\">\n\t\t\t\t<div class=\"elementor-widget-container\">\n\t\t\t\t\t<h4 class=\"elementor-heading-title elementor-size-default\">Nuestros proyectos.<\/h4>\t\t\t\t<\/div>\n\t\t\t\t<\/div>\n\t\t\t\t<div class=\"elementor-element elementor-element-04870d7 elementor-widget elementor-widget-heading\" data-id=\"04870d7\" data-element_type=\"widget\" data-e-type=\"widget\" data-widget_type=\"heading.default\">\n\t\t\t\t<div class=\"elementor-widget-container\">\n\t\t\t\t\t<h5 class=\"elementor-heading-title elementor-size-default\">Conoc\u00e9 los proyectos que llevamos a cabo en los distintos puntos del pa\u00eds.<\/h5>\t\t\t\t<\/div>\n\t\t\t\t<\/div>\n\t\t\t\t\t<\/div>\n\t\t<\/div>\n\t\t\t\t\t<\/div>\n\t\t<\/section>\n\t\t\t\t<section class=\"elementor-section elementor-top-section elementor-element elementor-element-77d37a55 elementor-section-content-middle elementor-section-boxed elementor-section-height-default elementor-section-height-default\" data-id=\"77d37a55\" data-element_type=\"section\" data-e-type=\"section\">\n\t\t\t\t\t\t<div class=\"elementor-container elementor-column-gap-no\">\n\t\t\t\t\t<div class=\"elementor-column elementor-col-100 elementor-top-column elementor-element elementor-element-19a87070\" data-id=\"19a87070\" data-element_type=\"column\" data-e-type=\"column\">\n\t\t\t<div class=\"elementor-widget-wrap elementor-element-populated\">\n\t\t\t\t\t\t<div class=\"elementor-element elementor-element-4be0206 elementor-widget elementor-widget-toggle\" data-id=\"4be0206\" data-element_type=\"widget\" data-e-type=\"widget\" data-widget_type=\"toggle.default\">\n\t\t\t\t<div class=\"elementor-widget-container\">\n\t\t\t\t\t\t\t<div class=\"elementor-toggle\">\n\t\t\t\t\t\t\t<div class=\"elementor-toggle-item\">\n\t\t\t\t\t<div id=\"elementor-tab-title-7951\" class=\"elementor-tab-title\" data-tab=\"1\" role=\"button\" aria-controls=\"elementor-tab-content-7951\" aria-expanded=\"false\">\n\t\t\t\t\t\t\t\t\t\t\t\t<span class=\"elementor-toggle-icon elementor-toggle-icon-right\" aria-hidden=\"true\">\n\t\t\t\t\t\t\t\t\t\t\t\t\t\t\t<span class=\"elementor-toggle-icon-closed\"><i class=\"fas fa-caret-right\"><\/i><\/span>\n\t\t\t\t\t\t\t\t<span class=\"elementor-toggle-icon-opened\"><i class=\"elementor-toggle-icon-opened fas fa-caret-up\"><\/i><\/span>\n\t\t\t\t\t\t\t\t\t\t\t\t\t<\/span>\n\t\t\t\t\t\t\t\t\t\t\t\t<a class=\"elementor-toggle-title\" tabindex=\"0\">Buenos aires<\/a>\n\t\t\t\t\t<\/div>\n\n\t\t\t\t\t<div id=\"elementor-tab-content-7951\" class=\"elementor-tab-content elementor-clearfix\" data-tab=\"1\" role=\"region\" aria-labelledby=\"elementor-tab-title-7951\"><p>Trabajamos en conjunto con la Fundaci\u00f3n Tzedak\u00e1 intercambiando medicamentos ya que cada provincia tiene distintas necesidades y patolog\u00edas.<\/p><\/div>\n\t\t\t\t<\/div>\n\t\t\t\t\t\t\t<div class=\"elementor-toggle-item\">\n\t\t\t\t\t<div id=\"elementor-tab-title-7952\" class=\"elementor-tab-title\" data-tab=\"2\" role=\"button\" aria-controls=\"elementor-tab-content-7952\" aria-expanded=\"false\">\n\t\t\t\t\t\t\t\t\t\t\t\t<span class=\"elementor-toggle-icon elementor-toggle-icon-right\" aria-hidden=\"true\">\n\t\t\t\t\t\t\t\t\t\t\t\t\t\t\t<span class=\"elementor-toggle-icon-closed\"><i class=\"fas fa-caret-right\"><\/i><\/span>\n\t\t\t\t\t\t\t\t<span class=\"elementor-toggle-icon-opened\"><i class=\"elementor-toggle-icon-opened fas fa-caret-up\"><\/i><\/span>\n\t\t\t\t\t\t\t\t\t\t\t\t\t<\/span>\n\t\t\t\t\t\t\t\t\t\t\t\t<a class=\"elementor-toggle-title\" tabindex=\"0\">CATAMARCA<\/a>\n\t\t\t\t\t<\/div>\n\n\t\t\t\t\t<div id=\"elementor-tab-content-7952\" class=\"elementor-tab-content elementor-clearfix\" data-tab=\"2\" role=\"region\" aria-labelledby=\"elementor-tab-title-7952\"><p>Se han iniciado trabajos en Bel\u00e9n junto a la ONG Educar Protege, donde llevamos medicamentos y ayuda a distintas postas sanitarias; y ayudamos a escuelas rurales de dichas localidades. En Catamarca tambi\u00e9n trabajamos con la Dra.Claudia Vilca. En Bel\u00e9n ayudamos a los Bomberos voluntarios con equipos de primeros auxilio.<\/p><p>En Laguna Blanca, Catamarca apadrinamos al grupo de Atletismo los Relinchos de la Puna, entreg\u00e1ndoles equipos deportivos para entrenar. Aportamos vestimentas y calzados como tambi\u00e9n instrumentos para dicha actividad. Este grupo est\u00e1 formado por aproximadamente 40 chicos y su profesor es Carlos Gutierres.<\/p><p>Tomamos contacto con la Dra Laura Guerrero de Antofagasta de las Sierra, Catamarca para coordinar la entrega de medicamentos en el Hospital local y ser distribuidos a las distintas postas sanitarias cercanas a esa localidad.<\/p><p>En la localidad de Pe\u00f1\u00f3n, Catamarca estamos colaborando con la posta sanitaria local.<\/p><p>Estamos trabajando junto al Cacique Marcos Salva de la localidad de Antofalla para aportar \u00fatiles en su escuela y mejorar la posta sanitaria.<\/p><p>Junto a la Fundaci\u00f3n Osde Catamarca coordinamos la entrega de \u00fatiles escolares y alimentos no perecederos a las distintas escuelas rurales de monta\u00f1a como ser Laguna Blanca, el Bols\u00f3n, Puertas de Corral Quemado, Barranca Larga, Villa Vil, El Tolar entre otras.<\/p><p>Estamos ayudando a difundir la problem\u00e1tica de la Escuela No 474 El Tolar en Catamarca, ya que no tienen caminos para que lleguen sus maestros y los suministros. Como tambi\u00e9n la entrega de \u00fatiles escolares. Ya les hicimos llegar un Botiqu\u00edn de primeros auxilios para los ni\u00f1os de dicha escuela.<\/p><p>En Febrero de 2020 ampliamos la ayuda conjuntamente con la ONG Educar Protege en La Aguada, La Toma, Hospital Pozo de Piedra, Las Vallas, Piedra Larga, Las Juntas, Condor Huasi, Hualfin.<\/p><p>En Londres, Catamarca tambi\u00e9n junto a Educar Protege colaboramos el Centro de Mayores de dicha localidad.<\/p><p>Ayudamos a las escuelas rurales de Laguna Blanca, El Bols\u00f3n; Corral Quemado.<\/p><\/div>\n\t\t\t\t<\/div>\n\t\t\t\t\t\t\t<div class=\"elementor-toggle-item\">\n\t\t\t\t\t<div id=\"elementor-tab-title-7953\" class=\"elementor-tab-title\" data-tab=\"3\" role=\"button\" aria-controls=\"elementor-tab-content-7953\" aria-expanded=\"false\">\n\t\t\t\t\t\t\t\t\t\t\t\t<span class=\"elementor-toggle-icon elementor-toggle-icon-right\" aria-hidden=\"true\">\n\t\t\t\t\t\t\t\t\t\t\t\t\t\t\t<span class=\"elementor-toggle-icon-closed\"><i class=\"fas fa-caret-right\"><\/i><\/span>\n\t\t\t\t\t\t\t\t<span class=\"elementor-toggle-icon-opened\"><i class=\"elementor-toggle-icon-opened fas fa-caret-up\"><\/i><\/span>\n\t\t\t\t\t\t\t\t\t\t\t\t\t<\/span>\n\t\t\t\t\t\t\t\t\t\t\t\t<a class=\"elementor-toggle-title\" tabindex=\"0\">Chaco<\/a>\n\t\t\t\t\t<\/div>\n\n\t\t\t\t\t<div id=\"elementor-tab-content-7953\" class=\"elementor-tab-content elementor-clearfix\" data-tab=\"3\" role=\"region\" aria-labelledby=\"elementor-tab-title-7953\"><p>En las localidades de Machagai, Las Garcitas, Colonia Aborigen, Colonia Leguiza, Campo Varela, Pueblo Viejo donde se encuentra la Dra. Olga Alanis y colaboradores a cargo del Grupo Vida y Salud, ayudamos a m\u00e1s de diez dispensarios y salas sanitarias rurales proporcion\u00e1ndoles medicamentos, insumos hospitalarios, elementos de higiene personal, pa\u00f1ales, accesorios para bebes, juguetes, \u00fatiles escolares para la escuela de dicha localidad.<\/p><p>Aportamos recursos destinados a la concreci\u00f3n de un proyecto con las personas que concurren a seis salas sanitarias rurales ubicadas en el trayecto comprendido entre Las Garcitas y Machagai para que las mismas puedan acceder al conocimiento te\u00f3rico-pr\u00e1ctico destinado a que lo apliquen de modo que les permita un principio de sustentabilidad econ\u00f3mica forjado en su propio trabajo a trav\u00e9s de micro emprendimientos. En dicho proyecto hay dos emprendimientos a saber: la producci\u00f3n de miel a trav\u00e9s de colmenas de auto recolecci\u00f3n llamadas Flow Hive, que hace uso de unos panales parcialmente preparados para que la miel se extraiga sola y por decantaci\u00f3n sin molestar a las abejas como el sistema convencional. Y la provisi\u00f3n de m\u00e1quinas de coser para ense\u00f1ar a confeccionar bolsos, paneras, servilletas, manteles y otros art\u00edculos para su posterior venta.<\/p><p>En proyecto en conjunto con el Padre Julia Pascuali de la Parroquia Nuestra Se\u00f1ora de Itat\u00ed (Machagai, Chaco) para realizar una perforaci\u00f3n, extraer agua y construir un molino en el predio de la escuela rural ubicada en Colonia Leguiza, Lote 39, lugar donde tambi\u00e9n se encuentra una sala sanitaria, punto estrat\u00e9gico ya que hace al m\u00e1s elemental de los elementos para la supervivencia y la higiene, lo que se traduce en forma casi inmediata en el inicio del proceso de erradicaci\u00f3n de muchas de las patolog\u00edas que se presentan por su escasez o grado de contaminaci\u00f3n. Trabajamos en conjunto con la Pastoral en el proyecto de una Vivienda y Techo Digno que consta de una habitaci\u00f3n de 3 metros por 4 metros donde no llueva.<\/p><p>Comenzamos a trabajar con la ONG \u201cLa Higuera\u201d, del Dr. Gustavo Farruggia en la localidad Las Hacheras en el Impenetrable Chaque\u00f1o.<\/p><p>Trabajamos junto a Manos Solidarias en el Hospital de Comandancia Fr\u00edas en el impenetrable, el cual atiende a personas de las localidades de Bermejito, Miraflores, Nueva Pompeya. Todos estas donaciones las llevamos gracias a la ayuda de Wander Lubricantes y transporte Yovan.<\/p><p>Coordinamos con el Dr. Daniel Cabello director del area de salud del Impenetrable, la entrega de medicamentos a los siguientes Hospitales: Bermejito,Comandancia Frias, Fuerte Esperanza, El Sauzalito, Misi\u00f3n Nueva Pompeya, Miraflores, El Espinillo.<\/p><\/div>\n\t\t\t\t<\/div>\n\t\t\t\t\t\t\t<div class=\"elementor-toggle-item\">\n\t\t\t\t\t<div id=\"elementor-tab-title-7954\" class=\"elementor-tab-title\" data-tab=\"4\" role=\"button\" aria-controls=\"elementor-tab-content-7954\" aria-expanded=\"false\">\n\t\t\t\t\t\t\t\t\t\t\t\t<span class=\"elementor-toggle-icon elementor-toggle-icon-right\" aria-hidden=\"true\">\n\t\t\t\t\t\t\t\t\t\t\t\t\t\t\t<span class=\"elementor-toggle-icon-closed\"><i class=\"fas fa-caret-right\"><\/i><\/span>\n\t\t\t\t\t\t\t\t<span class=\"elementor-toggle-icon-opened\"><i class=\"elementor-toggle-icon-opened fas fa-caret-up\"><\/i><\/span>\n\t\t\t\t\t\t\t\t\t\t\t\t\t<\/span>\n\t\t\t\t\t\t\t\t\t\t\t\t<a class=\"elementor-toggle-title\" tabindex=\"0\">Chubut<\/a>\n\t\t\t\t\t<\/div>\n\n\t\t\t\t\t<div id=\"elementor-tab-content-7954\" class=\"elementor-tab-content elementor-clearfix\" data-tab=\"4\" role=\"region\" aria-labelledby=\"elementor-tab-title-7954\"><p>Llegamos al Hospital de Lago Puelo, Chubut donde atienden a muchas personas de Parajes Mapuches necesitados.<\/p><\/div>\n\t\t\t\t<\/div>\n\t\t\t\t\t\t\t<div class=\"elementor-toggle-item\">\n\t\t\t\t\t<div id=\"elementor-tab-title-7955\" class=\"elementor-tab-title\" data-tab=\"5\" role=\"button\" aria-controls=\"elementor-tab-content-7955\" aria-expanded=\"false\">\n\t\t\t\t\t\t\t\t\t\t\t\t<span class=\"elementor-toggle-icon elementor-toggle-icon-right\" aria-hidden=\"true\">\n\t\t\t\t\t\t\t\t\t\t\t\t\t\t\t<span class=\"elementor-toggle-icon-closed\"><i class=\"fas fa-caret-right\"><\/i><\/span>\n\t\t\t\t\t\t\t\t<span class=\"elementor-toggle-icon-opened\"><i class=\"elementor-toggle-icon-opened fas fa-caret-up\"><\/i><\/span>\n\t\t\t\t\t\t\t\t\t\t\t\t\t<\/span>\n\t\t\t\t\t\t\t\t\t\t\t\t<a class=\"elementor-toggle-title\" tabindex=\"0\">Corrientes<\/a>\n\t\t\t\t\t<\/div>\n\n\t\t\t\t\t<div id=\"elementor-tab-content-7955\" class=\"elementor-tab-content elementor-clearfix\" data-tab=\"5\" role=\"region\" aria-labelledby=\"elementor-tab-title-7955\"><p>Trabajamos en conjunto con la Fundaci\u00f3n Uniendo Lazos y el Colegio de Farmac\u00e9uticos de Corrientes para unificar y dirigir eficientemente nuestra ayuda. Por medio de Uniendo Lazos pudimos llevar medicamentos a distintas Postas Sanitarias.<\/p><\/div>\n\t\t\t\t<\/div>\n\t\t\t\t\t\t\t<div class=\"elementor-toggle-item\">\n\t\t\t\t\t<div id=\"elementor-tab-title-7956\" class=\"elementor-tab-title\" data-tab=\"6\" role=\"button\" aria-controls=\"elementor-tab-content-7956\" aria-expanded=\"false\">\n\t\t\t\t\t\t\t\t\t\t\t\t<span class=\"elementor-toggle-icon elementor-toggle-icon-right\" aria-hidden=\"true\">\n\t\t\t\t\t\t\t\t\t\t\t\t\t\t\t<span class=\"elementor-toggle-icon-closed\"><i class=\"fas fa-caret-right\"><\/i><\/span>\n\t\t\t\t\t\t\t\t<span class=\"elementor-toggle-icon-opened\"><i class=\"elementor-toggle-icon-opened fas fa-caret-up\"><\/i><\/span>\n\t\t\t\t\t\t\t\t\t\t\t\t\t<\/span>\n\t\t\t\t\t\t\t\t\t\t\t\t<a class=\"elementor-toggle-title\" tabindex=\"0\">entre rios<\/a>\n\t\t\t\t\t<\/div>\n\n\t\t\t\t\t<div id=\"elementor-tab-content-7956\" class=\"elementor-tab-content elementor-clearfix\" data-tab=\"6\" role=\"region\" aria-labelledby=\"elementor-tab-title-7956\"><p>Estamos trabajando con varias escuelas en Entre R\u00edos: Escuela rural Gregorio Spiazzi No 24 en la zona de Islas del Careaga, La escuela del Charig\u00fc\u00e9 y de la Invernada.<\/p><p>Estamos organizando un evento junto a la Fundaci\u00f3n Sembrando Victorias para recaudar \u00fatiles escolares para las escuela Rurales de Victoria y Nogoy\u00e1. Entrega de libros de cuentos, \u00fatiles y mochilas en la Escuela Rural Nogoy\u00e1 Falucho N 135.<\/p><p>En la localidad de Victoria ayudamos al dispensario del Quinto Cuartel.<\/p><\/div>\n\t\t\t\t<\/div>\n\t\t\t\t\t\t\t<div class=\"elementor-toggle-item\">\n\t\t\t\t\t<div id=\"elementor-tab-title-7957\" class=\"elementor-tab-title\" data-tab=\"7\" role=\"button\" aria-controls=\"elementor-tab-content-7957\" aria-expanded=\"false\">\n\t\t\t\t\t\t\t\t\t\t\t\t<span class=\"elementor-toggle-icon elementor-toggle-icon-right\" aria-hidden=\"true\">\n\t\t\t\t\t\t\t\t\t\t\t\t\t\t\t<span class=\"elementor-toggle-icon-closed\"><i class=\"fas fa-caret-right\"><\/i><\/span>\n\t\t\t\t\t\t\t\t<span class=\"elementor-toggle-icon-opened\"><i class=\"elementor-toggle-icon-opened fas fa-caret-up\"><\/i><\/span>\n\t\t\t\t\t\t\t\t\t\t\t\t\t<\/span>\n\t\t\t\t\t\t\t\t\t\t\t\t<a class=\"elementor-toggle-title\" tabindex=\"0\">jujuy<\/a>\n\t\t\t\t\t<\/div>\n\n\t\t\t\t\t<div id=\"elementor-tab-content-7957\" class=\"elementor-tab-content elementor-clearfix\" data-tab=\"7\" role=\"region\" aria-labelledby=\"elementor-tab-title-7957\"><p>Junto a Catalina Viajes preparamos el env\u00edo de ayuda al Hospital Salvador Mazza de Tilcara.<\/p><p>Junto al grupo solidario Ayuda sin Fronteras llegamos a la escuela y posta sanitaria del Portillo, donde pusimos en condiciones dicha posta.<\/p><\/div>\n\t\t\t\t<\/div>\n\t\t\t\t\t\t\t<div class=\"elementor-toggle-item\">\n\t\t\t\t\t<div id=\"elementor-tab-title-7958\" class=\"elementor-tab-title\" data-tab=\"8\" role=\"button\" aria-controls=\"elementor-tab-content-7958\" aria-expanded=\"false\">\n\t\t\t\t\t\t\t\t\t\t\t\t<span class=\"elementor-toggle-icon elementor-toggle-icon-right\" aria-hidden=\"true\">\n\t\t\t\t\t\t\t\t\t\t\t\t\t\t\t<span class=\"elementor-toggle-icon-closed\"><i class=\"fas fa-caret-right\"><\/i><\/span>\n\t\t\t\t\t\t\t\t<span class=\"elementor-toggle-icon-opened\"><i class=\"elementor-toggle-icon-opened fas fa-caret-up\"><\/i><\/span>\n\t\t\t\t\t\t\t\t\t\t\t\t\t<\/span>\n\t\t\t\t\t\t\t\t\t\t\t\t<a class=\"elementor-toggle-title\" tabindex=\"0\">Neuquen<\/a>\n\t\t\t\t\t<\/div>\n\n\t\t\t\t\t<div id=\"elementor-tab-content-7958\" class=\"elementor-tab-content elementor-clearfix\" data-tab=\"8\" role=\"region\" aria-labelledby=\"elementor-tab-title-7958\"><p>Junto a la Dra. Pavese llegamos a las postas sanitarias de \u00d1orquinco,Aguas Caliente localidades que quedan muchas veces aislada por la nieve.Teniendo que entrar con una ambulancia todo terreno.<\/p><\/div>\n\t\t\t\t<\/div>\n\t\t\t\t\t\t\t<div class=\"elementor-toggle-item\">\n\t\t\t\t\t<div id=\"elementor-tab-title-7959\" class=\"elementor-tab-title\" data-tab=\"9\" role=\"button\" aria-controls=\"elementor-tab-content-7959\" aria-expanded=\"false\">\n\t\t\t\t\t\t\t\t\t\t\t\t<span class=\"elementor-toggle-icon elementor-toggle-icon-right\" aria-hidden=\"true\">\n\t\t\t\t\t\t\t\t\t\t\t\t\t\t\t<span class=\"elementor-toggle-icon-closed\"><i class=\"fas fa-caret-right\"><\/i><\/span>\n\t\t\t\t\t\t\t\t<span class=\"elementor-toggle-icon-opened\"><i class=\"elementor-toggle-icon-opened fas fa-caret-up\"><\/i><\/span>\n\t\t\t\t\t\t\t\t\t\t\t\t\t<\/span>\n\t\t\t\t\t\t\t\t\t\t\t\t<a class=\"elementor-toggle-title\" tabindex=\"0\">rio negro<\/a>\n\t\t\t\t\t<\/div>\n\n\t\t\t\t\t<div id=\"elementor-tab-content-7959\" class=\"elementor-tab-content elementor-clearfix\" data-tab=\"9\" role=\"region\" aria-labelledby=\"elementor-tab-title-7959\"><p>En El Bols\u00f3n, a trav\u00e9s de un convenio que tenemos con la empresa de transporte Cruz del Sur, llegamos a los dispensarios en los cuales trabaja la Dra. Laura Pavese con alta concurrencia de personas de pueblos originarios. Estamos donando muchos medicamentos oncol\u00f3gicos en el Hospital del Bols\u00f3n, al \u00e1rea de cuidados Paliativos.<\/p><p>Llegamos hasta Chacay Huarruca, Rio Chico, el Mait\u00e9n, Fita Ruin. Postas sanitarias en parajes muy inh\u00f3spitos.<\/p><p>En Bolson proporcionamos ayuda, principalmente ropa de abrigo al convento Las<\/p><p>Hijas de la Misericordia, cuya madre superiora es Hilda Elena Reyna.<\/p><\/div>\n\t\t\t\t<\/div>\n\t\t\t\t\t\t\t<div class=\"elementor-toggle-item\">\n\t\t\t\t\t<div id=\"elementor-tab-title-79510\" class=\"elementor-tab-title\" data-tab=\"10\" role=\"button\" aria-controls=\"elementor-tab-content-79510\" aria-expanded=\"false\">\n\t\t\t\t\t\t\t\t\t\t\t\t<span class=\"elementor-toggle-icon elementor-toggle-icon-right\" aria-hidden=\"true\">\n\t\t\t\t\t\t\t\t\t\t\t\t\t\t\t<span class=\"elementor-toggle-icon-closed\"><i class=\"fas fa-caret-right\"><\/i><\/span>\n\t\t\t\t\t\t\t\t<span class=\"elementor-toggle-icon-opened\"><i class=\"elementor-toggle-icon-opened fas fa-caret-up\"><\/i><\/span>\n\t\t\t\t\t\t\t\t\t\t\t\t\t<\/span>\n\t\t\t\t\t\t\t\t\t\t\t\t<a class=\"elementor-toggle-title\" tabindex=\"0\">salta<\/a>\n\t\t\t\t\t<\/div>\n\n\t\t\t\t\t<div id=\"elementor-tab-content-79510\" class=\"elementor-tab-content elementor-clearfix\" data-tab=\"10\" role=\"region\" aria-labelledby=\"elementor-tab-title-79510\"><p>Ayudamos al Centro de Salud La Floresta ubicado en la villa m\u00e1s grande de dicha provincia.<\/p><p>Junto a la ONG Cultura Nativa de Jorge Rojas llegamos a Santa Victoria Este, La Merced y los parajes contiguos.<\/p><\/div>\n\t\t\t\t<\/div>\n\t\t\t\t\t\t\t<div class=\"elementor-toggle-item\">\n\t\t\t\t\t<div id=\"elementor-tab-title-79511\" class=\"elementor-tab-title\" data-tab=\"11\" role=\"button\" aria-controls=\"elementor-tab-content-79511\" aria-expanded=\"false\">\n\t\t\t\t\t\t\t\t\t\t\t\t<span class=\"elementor-toggle-icon elementor-toggle-icon-right\" aria-hidden=\"true\">\n\t\t\t\t\t\t\t\t\t\t\t\t\t\t\t<span class=\"elementor-toggle-icon-closed\"><i class=\"fas fa-caret-right\"><\/i><\/span>\n\t\t\t\t\t\t\t\t<span class=\"elementor-toggle-icon-opened\"><i class=\"elementor-toggle-icon-opened fas fa-caret-up\"><\/i><\/span>\n\t\t\t\t\t\t\t\t\t\t\t\t\t<\/span>\n\t\t\t\t\t\t\t\t\t\t\t\t<a class=\"elementor-toggle-title\" tabindex=\"0\">santa fe<\/a>\n\t\t\t\t\t<\/div>\n\n\t\t\t\t\t<div id=\"elementor-tab-content-79511\" class=\"elementor-tab-content elementor-clearfix\" data-tab=\"11\" role=\"region\" aria-labelledby=\"elementor-tab-title-79511\"><p>Conjuntamente con la Fundaci\u00f3n del Padre Ignacio Peries donde concurren varios m\u00e9dicos y farmac\u00e9uticos como ser la Dra. Maria de los Angeles Zilli y la Farmac\u00e9utica Lorena Milani, asistimos a personas que debido a la coyuntura social y al aumento de las empresas que brindan servicio de medicina prepagas se han quedado sin cobertura social y sin la posibilidad de acceder a los medicamentos imperiosamente necesarios para el cuidado y atenci\u00f3n de su salud. Cambiamos todo el mobiliario de dicho dispensario gracias al trabajo que realizamos conjuntamente con la Fundaci\u00f3n Osde.<\/p><p>Formamos parte de FEDEFA (Federaci\u00f3n de Fundaciones) asistimos a reuniones y a cursos realizados por la misma. Estamos trabajando en la Sociedades Civil en Red, trabajamos en un proyecto el cual fue presentamos ante la Embajadora de Pa\u00edses Europeos.<\/p><p>Junto a la Fundaci\u00f3n Conin-Camin entregamos medicamentos en su centro de salud ubicado en la calle Polledo del barrio Nuevo Alberdi en la ciudad de Rosario y estamos organizando el dictado de charlas instructivas que abordan la tem\u00e1tica nutrici\u00f3n en escuelas locales a trav\u00e9s de la Dra Mabel G\u00f3mez, Pediatra Nutricionista.<\/p><p>Ayudamos en la escuela No 1381 Renacer en la Esperanza del barrio La Nueva Tablada en la calle Dr Rivas 5740. Tambi\u00e9n estamos trabajando con la escuela No 1319 con su Jard\u00edn Mafalda de Empalme Graneros.<\/p><p>Actualmente gestionando administrativamente el tendido de red de agua potable a trav\u00e9s de Aguas Provinciales de Santa Fe para el barrio Tri\u00e1ngulo en Villa Gobernador G\u00e1lvez, obra que impactar\u00eda a una poblaci\u00f3n conformada por m\u00e1s de 100 familias.<\/p><p>Junto al Colegio de Farmac\u00e9uticos de Rosario formamos una comisi\u00f3n de Ayuda en la cual interviene nuestra Fundaci\u00f3n para recolectar en cada evento alimentos, juguetes, equipos deportivos que fueron donados a distintos Merenderos y equipos de f\u00fatbol. Gracias al Colegio tambi\u00e9n pudimos acceder a distintos laboratorios para solicitarles ayuda.<\/p><p>Junto al trabajo conjunto con la Fundaci\u00f3n Diario la Capital pudimos llevar ayuda al barrio Toba de Rosario.<\/p><p>Ayudamos al merendero Granito de Arena en el Barrio Nuevo Alberdi como tambi\u00e9n a la Escuela 20 de Junio N 133 de dicho Barrio.<\/p><p>Trabajamos en conjunto con la Asociaci\u00f3n Israelita de Rosario unificando esfuerzos y campa\u00f1as de ayuda.<\/p><p>En Rosario estamos desarrollando un proyecto de canto junto al Centro de la Ni\u00f1ez la Psic\u00f3loga infantil Marcela Lapenna y el cantante de Rap Franco Canob. Centro que se dedica mucho a chicos en situaci\u00f3n de calle y con adicciones.<\/p><p>Creamos en el Colegio de Farmac\u00e9utico de Rosario un grupo llamado Farmac\u00e9uticos Solidarios de los cuales participan Colegas de toda nuestra provincia desarrollando distintas ayuda sociales.<\/p><p>Trabajando junto a la Directora Paola Berm\u00fadez en el centro de Ni\u00f1ez y Ayuda en la escuela San Pablo barrio la Tablada.<\/p><p>En Rosario, el Concejo Municipal, declar\u00f3 Instituci\u00f3n Destacada a la Fundaci\u00f3n Trafkin por su trabajo realizado y la ayuda que brinda a la comunidad.<\/p><p>En Zona Sur de Rosario colaboramos con el Centro Ni\u00f1ez y Vida Bel\u00e9n del barrio Tablada donde estamos armando un talleres de costuras. Comenzamos un proyecto de ense\u00f1anza en costura y dise\u00f1o.<\/p><p>Junto al grupo de Farmac\u00e9uticos Solidarios estamos organizando y abriendo la cerrada farmacia de C\u00e1ritas de Maria Auxiliadora para poder funcionar en red con el Dispensario del Padre Ignacio, Caritas De San Isidro, Caritas Rosario, La Asociaci\u00f3n Israelita de Rosario y nuestra Fundaci\u00f3n. Junto a otros dispensarios y esta Farmacia comenzamos una RED SOLIDARIA DE MEDICAMENTOS de entrega de los mismos bajo receta en todo Rosario y sus alrededores.<\/p><p>Estamos trabajando con el Ministerio de Desarrollo Social de la Municipalidad de Rosario para llevar m\u00e1s alimento a los comedores que asistimos, como ser Manitos Felices, Granito de Arena, Virgen Ni\u00f1a, Vecinal Fisherton, Nuestra Se\u00f1ora de la Esperanza, Comedor Solidario barrio Municipal, Comedor Renovaci\u00f3n Social, Rinconcito de Luz.<\/p><p>Vacunamos contra la gripe a m\u00e1s de 100 mayores y personas con alguna enfermedad existente ya que la cantidad de dosis iniciales no eran suficientes.<\/p><p>Estamos trabajando en un proyecto con ingenieros en sistemas y m\u00e9dicos capacitados del Hospital Centenario para lograr un sistema de registro nacional de vacunaci\u00f3n para que se pueda ver desde cualquier lugar de vacunaci\u00f3n, un registro de vacunas aplicadas desde ni\u00f1os a ancianos, de esta forma no vacunado dos veces y no omitir ninguna dosis ni vacuna del calendario nacional de vacunaci\u00f3n.<\/p><\/div>\n\t\t\t\t<\/div>\n\t\t\t\t\t\t\t<div class=\"elementor-toggle-item\">\n\t\t\t\t\t<div id=\"elementor-tab-title-79512\" class=\"elementor-tab-title\" data-tab=\"12\" role=\"button\" aria-controls=\"elementor-tab-content-79512\" aria-expanded=\"false\">\n\t\t\t\t\t\t\t\t\t\t\t\t<span class=\"elementor-toggle-icon elementor-toggle-icon-right\" aria-hidden=\"true\">\n\t\t\t\t\t\t\t\t\t\t\t\t\t\t\t<span class=\"elementor-toggle-icon-closed\"><i class=\"fas fa-caret-right\"><\/i><\/span>\n\t\t\t\t\t\t\t\t<span class=\"elementor-toggle-icon-opened\"><i class=\"elementor-toggle-icon-opened fas fa-caret-up\"><\/i><\/span>\n\t\t\t\t\t\t\t\t\t\t\t\t\t<\/span>\n\t\t\t\t\t\t\t\t\t\t\t\t<a class=\"elementor-toggle-title\" tabindex=\"0\">santiago del estero<\/a>\n\t\t\t\t\t<\/div>\n\n\t\t\t\t\t<div id=\"elementor-tab-content-79512\" class=\"elementor-tab-content elementor-clearfix\" data-tab=\"12\" role=\"region\" aria-labelledby=\"elementor-tab-title-79512\"><p>Callejon Bajada a trav\u00e9s del viaje solidario de la escuela Los Arroyos. En Atamisqui, Salavina y Los Telares por medio de la Dra. Alicia Gonz\u00e1lez. En Mochimo ayudamos a construir una posta sanitaria, y dado su \u00e9xito y buen funcionamiento estamos ayudando a construir dos m\u00e1s una en Tasigasta y otra en Soconcho. Llevamos libros y \u00fatiles a la biblioteca que se levant\u00f3 en Mochimo.<\/p><p>En Tasigasta estamos en un proyecto de perforaci\u00f3n y colocaci\u00f3n de un molino de agua a viento ya que no tienen energ\u00eda el\u00e9ctrica para extraer agua. Tambi\u00e9n entregamos equipos de gimnasia donados por el Laboratorio Monserrat al equipo de f\u00fatbol de dicha comunidad para que puedan salir a competir en la liga local.<\/p><p>A trav\u00e9s de Juan Jos\u00e9 Rocabado, Maestro Rural, efectuamos el env\u00edo de \u00fatiles escolares, libros y accesorios para las escuelas No 893 de Ver\u00f3n y 859 de Anga, Santiago del Estero.<\/p><p>Trabajando en conjunto con la Fundaci\u00f3n Haciendo Camino, atento a que nos remiti\u00f3 una lista de medicamentos necesitados en sus dispensarios, especialmente para ni\u00f1os desnutridos y embarazadas. Sobre dicha instancia intervenimos remitiendo gran cantidad de medicamentos destinados a A\u00f1atuya, y otras localidades de Santiago del Estero, organizando actualmente el acompa\u00f1amiento a la fundaci\u00f3n Haciendo Caminos a Nueva Pompeya en el Impenetrable Chaque\u00f1o.<\/p><p>\u00a0<\/p><\/div>\n\t\t\t\t<\/div>\n\t\t\t\t\t\t\t\t<\/div>\n\t\t\t\t\t\t<\/div>\n\t\t\t\t<\/div>\n\t\t\t\t\t<\/div>\n\t\t<\/div>\n\t\t\t\t\t<\/div>\n\t\t<\/section>\n\t\t\t\t<\/div>\n\t\t","protected":false},"excerpt":{"rendered":"<p>Nuestros proyectos. Conoc\u00e9 los proyectos que llevamos a cabo en los distintos puntos del pa\u00eds. Buenos aires Trabajamos en conjunto con la Fundaci\u00f3n Tzedak\u00e1 intercambiando medicamentos ya que cada provincia tiene distintas necesidades y patolog\u00edas. CATAMARCA Se han iniciado trabajos en Bel\u00e9n junto a la ONG Educar Protege, donde llevamos medicamentos y ayuda a distintas [&hellip;]<\/p>\n","protected":false},"author":1,"featured_media":0,"parent":0,"menu_order":0,"comment_status":"closed","ping_status":"closed","template":"","meta":{"_mi_skip_tracking":false,"_monsterinsights_sitenote_active":false,"_monsterinsights_sitenote_note":"","_monsterinsights_sitenote_category":0,"footnotes":""},"class_list":["post-18","page","type-page","status-publish","hentry"],"aioseo_notices":[],"_links":{"self":[{"href":"https:\/\/fundaciontrafkin.org.ar\/index.php\/wp-json\/wp\/v2\/pages\/18","targetHints":{"allow":["GET"]}}],"collection":[{"href":"https:\/\/fundaciontrafkin.org.ar\/index.php\/wp-json\/wp\/v2\/pages"}],"about":[{"href":"https:\/\/fundaciontrafkin.org.ar\/index.php\/wp-json\/wp\/v2\/types\/page"}],"author":[{"embeddable":true,"href":"https:\/\/fundaciontrafkin.org.ar\/index.php\/wp-json\/wp\/v2\/users\/1"}],"replies":[{"embeddable":true,"href":"https:\/\/fundaciontrafkin.org.ar\/index.php\/wp-json\/wp\/v2\/comments?post=18"}],"version-history":[{"count":16,"href":"https:\/\/fundaciontrafkin.org.ar\/index.php\/wp-json\/wp\/v2\/pages\/18\/revisions"}],"predecessor-version":[{"id":318,"href":"https:\/\/fundaciontrafkin.org.ar\/index.php\/wp-json\/wp\/v2\/pages\/18\/revisions\/318"}],"wp:attachment":[{"href":"https:\/\/fundaciontrafkin.org.ar\/index.php\/wp-json\/wp\/v2\/media?parent=18"}],"curies":[{"name":"wp","href":"https:\/\/api.w.org\/{rel}","templated":true}]}}